{"id":30770,"date":"2021-08-01T21:39:45","date_gmt":"2021-08-01T19:39:45","guid":{"rendered":"https:\/\/www.karatecham.ch\/shotokan_karate_schule_cham_zug\/?page_id=30770"},"modified":"2021-08-25T21:57:00","modified_gmt":"2021-08-25T19:57:00","slug":"faq","status":"publish","type":"page","link":"https:\/\/www.karatecham.ch\/shotokan_karate_schule_cham_zug\/faq\/","title":{"rendered":"FAQ"},"content":{"rendered":"<div class=\"fusion-fullwidth fullwidth-box fusion-builder-row-1 fusion-flex-container nonhundred-percent-fullwidth non-hundred-percent-height-scrolling\" style=\"--awb-border-radius-top-left:0px;--awb-border-radius-top-right:0px;--awb-border-radius-bottom-right:0px;--awb-border-radius-bottom-left:0px;--awb-flex-wrap:wrap;\" ><div class=\"fusion-builder-row fusion-row fusion-flex-align-items-flex-start fusion-flex-content-wrap\" style=\"max-width:1248px;margin-left: calc(-4% \/ 2 );margin-right: calc(-4% \/ 2 );\"><div class=\"fusion-layout-column fusion_builder_column fusion-builder-column-0 fusion_builder_column_1_1 1_1 fusion-flex-column\" style=\"--awb-bg-size:cover;--awb-width-large:100%;--awb-margin-top-large:0px;--awb-spacing-right-large:1.92%;--awb-margin-bottom-large:20px;--awb-spacing-left-large:1.92%;--awb-width-medium:100%;--awb-spacing-right-medium:1.92%;--awb-spacing-left-medium:1.92%;--awb-width-small:100%;--awb-spacing-right-small:1.92%;--awb-spacing-left-small:1.92%;\"><div class=\"fusion-column-wrapper fusion-column-has-shadow fusion-flex-justify-content-flex-start fusion-content-layout-column\"><style type=\"text\/css\">.fusion-faqs-wrapper #accordian-1 .fusion-panel { border-color:#e0dede; }.fusion-faqs-wrapper #accordian-1 .fusion-panel:hover{ border-color: #e0dede; }.fusion-accordian #accordian-1 .panel-title a .fa-fusion-box:before{ font-size: 14px;width: 14px;}.fusion-accordian #accordian-1 .panel-title a .fa-fusion-box{ color: #ffffff;}.fusion-accordian  #accordian-1 .panel-title a{font-family:\"Antic Slab\";font-style:normal;font-weight:regular;}.fusion-accordian  #accordian-1 .panel-title a:not(:hover){}.fusion-accordian  #accordian-1 .toggle-content{font-family:\"PT Sans\";font-style:normal;font-weight:400;}.fusion-accordian #accordian-1 .fa-fusion-box { background-color: #333333 !important;border-color: #333333 !important;}.fusion-accordian #accordian-1 .panel-title a:hover,.fusion-accordian #accordian-1 .panel-title a.hover { color: #d51015;}.fusion-faq-shortcode .fusion-accordian #accordian-1 .fusion-toggle-boxed-mode:hover .panel-title a { color: #d51015;}.fusion-accordian #accordian-1 .panel-title .active .fa-fusion-box,.fusion-accordian #accordian-1 .panel-title a:hover .fa-fusion-box,.fusion-accordian #accordian-1 .panel-title a.hover .fa-fusion-box { background-color: #d51015!important;border-color: #d51015!important;}<\/style><div class=\"fusion-faq-shortcode\" style=\"\"><div class=\"fusion-faqs-wrapper\"><div class=\"accordian fusion-accordian\"><div class=\"panel-group \" id=\"accordian-1\"><div class=\"fusion-panel panel-default fusion-faq-post fusion-faq-post-31460 \"><span class=\"entry-title rich-snippet-hidden\">Gibt es beim Chibi- oder Kindertraining Schnupperm\u00f6glichkeiten ausserhalb der Schnupperwochen?<\/span><span class=\"vcard rich-snippet-hidden\"><span class=\"fn\"><a href=\"https:\/\/www.karatecham.ch\/shotokan_karate_schule_cham_zug\/author\/mjans\/\" title=\"Beitr\u00e4ge von Martin Jans\" rel=\"author\">Martin Jans<\/a><\/span><\/span><span class=\"updated rich-snippet-hidden\">2021-08-01T21:09:28+02:00<\/span><div class=\"panel-heading\"><h4 id=\"faq_1-31460\" class=\"panel-title toggle\"><a data-toggle=\"collapse\" class=\"collapsed\" data-parent=\"#accordian-1\" data-target=\"#collapse-1-31460\" href=\"#collapse-1-31460\" aria-expanded=\"false\"><div class=\"fusion-toggle-icon-wrapper\"><div class=\"fusion-toggle-icon-wrapper-main\"><div class=\"fusion-toggle-icon-wrapper-sub\"><i class=\"fa-fusion-box active-icon awb-icon-minus\" aria-hidden=\"true\"><\/i><i class=\"fa-fusion-box inactive-icon awb-icon-plus\" aria-hidden=\"true\"><\/i><\/div><\/div><\/div><div class=\"fusion-toggle-heading\">Gibt es beim Chibi- oder Kindertraining Schnupperm\u00f6glichkeiten ausserhalb der Schnupperwochen?<\/div><\/a><\/h4><\/div><div id=\"collapse-1-31460\" aria-labelledby=\"faq_1-31460\" class=\"panel-collapse collapse\"><div class=\"panel-body toggle-content post-content\"><div class=\"fusion-fullwidth fullwidth-box fusion-builder-row-1-1 nonhundred-percent-fullwidth non-hundred-percent-height-scrolling\" style=\"--awb-border-radius-top-left:0px;--awb-border-radius-top-right:0px;--awb-border-radius-bottom-right:0px;--awb-border-radius-bottom-left:0px;--awb-flex-wrap:wrap;\" ><div class=\"fusion-builder-row fusion-row\"><div class=\"fusion-layout-column fusion_builder_column fusion-builder-column-1 fusion_builder_column_1_1 1_1 fusion-one-full fusion-column-first fusion-column-last\" style=\"--awb-bg-size:cover;--awb-margin-bottom:0px;\"><div class=\"fusion-column-wrapper fusion-flex-column-wrapper-legacy\"><div class=\"fusion-text fusion-text-1\"><p>Nein. Um die Trainings w\u00e4hrend des laufenden Semesters nicht zu unterbrechen, sind w\u00e4hrend dieser Zeit keine Schnuppertrainings m\u00f6glich.<\/p>\n<\/div><div class=\"fusion-clearfix\"><\/div><\/div><\/div><\/div><\/div>\n<\/div><\/div><\/div><div class=\"fusion-panel panel-default fusion-faq-post fusion-faq-post-31496 \"><span class=\"entry-title rich-snippet-hidden\">Gibt es eine Vereinsstatute?<\/span><span class=\"vcard rich-snippet-hidden\"><span class=\"fn\"><a href=\"https:\/\/www.karatecham.ch\/shotokan_karate_schule_cham_zug\/author\/mjans\/\" title=\"Beitr\u00e4ge von Martin Jans\" rel=\"author\">Martin Jans<\/a><\/span><\/span><span class=\"updated rich-snippet-hidden\">2021-08-01T21:23:03+02:00<\/span><div class=\"panel-heading\"><h4 id=\"faq_1-31496\" class=\"panel-title toggle\"><a data-toggle=\"collapse\" class=\"collapsed\" data-parent=\"#accordian-1\" data-target=\"#collapse-1-31496\" href=\"#collapse-1-31496\" aria-expanded=\"false\"><div class=\"fusion-toggle-icon-wrapper\"><div class=\"fusion-toggle-icon-wrapper-main\"><div class=\"fusion-toggle-icon-wrapper-sub\"><i class=\"fa-fusion-box active-icon awb-icon-minus\" aria-hidden=\"true\"><\/i><i class=\"fa-fusion-box inactive-icon awb-icon-plus\" aria-hidden=\"true\"><\/i><\/div><\/div><\/div><div class=\"fusion-toggle-heading\">Gibt es eine Vereinsstatute?<\/div><\/a><\/h4><\/div><div id=\"collapse-1-31496\" aria-labelledby=\"faq_1-31496\" class=\"panel-collapse collapse\"><div class=\"panel-body toggle-content post-content\"><p>Ja, unsere Statue ist auf dieser <a href=\"https:\/\/www.karatecham.ch\/shotokan_karate_schule_cham_zug\/statuten\/\">Seite<\/a> zu finden.<\/p>\n<\/div><\/div><\/div><div class=\"fusion-panel panel-default fusion-faq-post fusion-faq-post-31498 \"><span class=\"entry-title rich-snippet-hidden\">Gibt es M\u00f6glichkeiten, ausserhalb des regul\u00e4ren Trainings zu trainieren?<\/span><span class=\"vcard rich-snippet-hidden\"><span class=\"fn\"><a href=\"https:\/\/www.karatecham.ch\/shotokan_karate_schule_cham_zug\/author\/mjans\/\" title=\"Beitr\u00e4ge von Martin Jans\" rel=\"author\">Martin Jans<\/a><\/span><\/span><span class=\"updated rich-snippet-hidden\">2021-08-01T21:25:04+02:00<\/span><div class=\"panel-heading\"><h4 id=\"faq_1-31498\" class=\"panel-title toggle\"><a data-toggle=\"collapse\" class=\"collapsed\" data-parent=\"#accordian-1\" data-target=\"#collapse-1-31498\" href=\"#collapse-1-31498\" aria-expanded=\"false\"><div class=\"fusion-toggle-icon-wrapper\"><div class=\"fusion-toggle-icon-wrapper-main\"><div class=\"fusion-toggle-icon-wrapper-sub\"><i class=\"fa-fusion-box active-icon awb-icon-minus\" aria-hidden=\"true\"><\/i><i class=\"fa-fusion-box inactive-icon awb-icon-plus\" aria-hidden=\"true\"><\/i><\/div><\/div><\/div><div class=\"fusion-toggle-heading\">Gibt es M\u00f6glichkeiten, ausserhalb des regul\u00e4ren Trainings zu trainieren?<\/div><\/a><\/h4><\/div><div id=\"collapse-1-31498\" aria-labelledby=\"faq_1-31498\" class=\"panel-collapse collapse\"><div class=\"panel-body toggle-content post-content\"><div class=\"fusion-fullwidth fullwidth-box fusion-builder-row-1-2 nonhundred-percent-fullwidth non-hundred-percent-height-scrolling\" style=\"--awb-border-radius-top-left:0px;--awb-border-radius-top-right:0px;--awb-border-radius-bottom-right:0px;--awb-border-radius-bottom-left:0px;--awb-flex-wrap:wrap;\" ><div class=\"fusion-builder-row fusion-row\"><div class=\"fusion-layout-column fusion_builder_column fusion-builder-column-2 fusion_builder_column_1_1 1_1 fusion-one-full fusion-column-first fusion-column-last\" style=\"--awb-bg-size:cover;--awb-margin-bottom:0px;\"><div class=\"fusion-column-wrapper fusion-flex-column-wrapper-legacy\"><div class=\"fusion-text fusion-text-2\"><p>Ja, die gibt es. Unser Verband <a href=\"http:\/\/jks-switzerland.ch\/\">JKS Switzerland<\/a> bietet immer wieder \u00fcber das Jahr hinweg Kurse und Lehrg\u00e4nge an.<\/p>\n<\/div><div class=\"fusion-clearfix\"><\/div><\/div><\/div><\/div><\/div>\n<\/div><\/div><\/div><div class=\"fusion-panel panel-default fusion-faq-post fusion-faq-post-31442 \"><span class=\"entry-title rich-snippet-hidden\">Gibt es spezielle Karatelektionen in Englisch?<\/span><span class=\"vcard rich-snippet-hidden\"><span class=\"fn\"><a href=\"https:\/\/www.karatecham.ch\/shotokan_karate_schule_cham_zug\/author\/mjans\/\" title=\"Beitr\u00e4ge von Martin Jans\" rel=\"author\">Martin Jans<\/a><\/span><\/span><span class=\"updated rich-snippet-hidden\">2021-08-01T21:00:32+02:00<\/span><div class=\"panel-heading\"><h4 id=\"faq_1-31442\" class=\"panel-title toggle\"><a data-toggle=\"collapse\" class=\"collapsed\" data-parent=\"#accordian-1\" data-target=\"#collapse-1-31442\" href=\"#collapse-1-31442\" aria-expanded=\"false\"><div class=\"fusion-toggle-icon-wrapper\"><div class=\"fusion-toggle-icon-wrapper-main\"><div class=\"fusion-toggle-icon-wrapper-sub\"><i class=\"fa-fusion-box active-icon awb-icon-minus\" aria-hidden=\"true\"><\/i><i class=\"fa-fusion-box inactive-icon awb-icon-plus\" aria-hidden=\"true\"><\/i><\/div><\/div><\/div><div class=\"fusion-toggle-heading\">Gibt es spezielle Karatelektionen in Englisch?<\/div><\/a><\/h4><\/div><div id=\"collapse-1-31442\" aria-labelledby=\"faq_1-31442\" class=\"panel-collapse collapse\"><div class=\"panel-body toggle-content post-content\"><div class=\"fusion-fullwidth fullwidth-box fusion-builder-row-1-3 nonhundred-percent-fullwidth non-hundred-percent-height-scrolling\" style=\"--awb-border-radius-top-left:0px;--awb-border-radius-top-right:0px;--awb-border-radius-bottom-right:0px;--awb-border-radius-bottom-left:0px;--awb-flex-wrap:wrap;\" ><div class=\"fusion-builder-row fusion-row\"><div class=\"fusion-layout-column fusion_builder_column fusion-builder-column-3 fusion_builder_column_1_1 1_1 fusion-one-full fusion-column-first fusion-column-last\" style=\"--awb-bg-size:cover;--awb-margin-bottom:0px;\"><div class=\"fusion-column-wrapper fusion-flex-column-wrapper-legacy\"><div class=\"fusion-text fusion-text-3\"><p>Nein, unterrichtet wird in Schweizerdeutsch. Spezifische Fragen werden aber gerne in Englisch beantwortet.<\/p>\n<\/div><div class=\"fusion-clearfix\"><\/div><\/div><\/div><\/div><\/div>\n<\/div><\/div><\/div><div class=\"fusion-panel panel-default fusion-faq-post fusion-faq-post-31437 \"><span class=\"entry-title rich-snippet-hidden\">In welcher Sprache findet der Unterricht statt?<\/span><span class=\"vcard rich-snippet-hidden\"><span class=\"fn\"><a href=\"https:\/\/www.karatecham.ch\/shotokan_karate_schule_cham_zug\/author\/mjans\/\" title=\"Beitr\u00e4ge von Martin Jans\" rel=\"author\">Martin Jans<\/a><\/span><\/span><span class=\"updated rich-snippet-hidden\">2021-08-01T20:59:36+02:00<\/span><div class=\"panel-heading\"><h4 id=\"faq_1-31437\" class=\"panel-title toggle\"><a data-toggle=\"collapse\" class=\"collapsed\" data-parent=\"#accordian-1\" data-target=\"#collapse-1-31437\" href=\"#collapse-1-31437\" aria-expanded=\"false\"><div class=\"fusion-toggle-icon-wrapper\"><div class=\"fusion-toggle-icon-wrapper-main\"><div class=\"fusion-toggle-icon-wrapper-sub\"><i class=\"fa-fusion-box active-icon awb-icon-minus\" aria-hidden=\"true\"><\/i><i class=\"fa-fusion-box inactive-icon awb-icon-plus\" aria-hidden=\"true\"><\/i><\/div><\/div><\/div><div class=\"fusion-toggle-heading\">In welcher Sprache findet der Unterricht statt?<\/div><\/a><\/h4><\/div><div id=\"collapse-1-31437\" aria-labelledby=\"faq_1-31437\" class=\"panel-collapse collapse\"><div class=\"panel-body toggle-content post-content\"><div class=\"fusion-fullwidth fullwidth-box fusion-builder-row-1-4 nonhundred-percent-fullwidth non-hundred-percent-height-scrolling\" style=\"--awb-border-radius-top-left:0px;--awb-border-radius-top-right:0px;--awb-border-radius-bottom-right:0px;--awb-border-radius-bottom-left:0px;--awb-flex-wrap:wrap;\" ><div class=\"fusion-builder-row fusion-row\"><div class=\"fusion-layout-column fusion_builder_column fusion-builder-column-4 fusion_builder_column_1_1 1_1 fusion-one-full fusion-column-first fusion-column-last\" style=\"--awb-bg-size:cover;--awb-margin-bottom:0px;\"><div class=\"fusion-column-wrapper fusion-flex-column-wrapper-legacy\"><div class=\"fusion-text fusion-text-4\"><p>Der Unterricht findet in Schweizerdeutsch statt. Die Karate spezifischen Begriffe sind auf Japanisch.<\/p>\n<\/div><div class=\"fusion-clearfix\"><\/div><\/div><\/div><\/div><\/div>\n<\/div><\/div><\/div><div class=\"fusion-panel panel-default fusion-faq-post fusion-faq-post-31454 \"><span class=\"entry-title rich-snippet-hidden\">Kann der Verein interessierten Personen die Mitgliedschaft verweigern?<\/span><span class=\"vcard rich-snippet-hidden\"><span class=\"fn\"><a href=\"https:\/\/www.karatecham.ch\/shotokan_karate_schule_cham_zug\/author\/mjans\/\" title=\"Beitr\u00e4ge von Martin Jans\" rel=\"author\">Martin Jans<\/a><\/span><\/span><span class=\"updated rich-snippet-hidden\">2021-08-01T21:07:07+02:00<\/span><div class=\"panel-heading\"><h4 id=\"faq_1-31454\" class=\"panel-title toggle\"><a data-toggle=\"collapse\" class=\"collapsed\" data-parent=\"#accordian-1\" data-target=\"#collapse-1-31454\" href=\"#collapse-1-31454\" aria-expanded=\"false\"><div class=\"fusion-toggle-icon-wrapper\"><div class=\"fusion-toggle-icon-wrapper-main\"><div class=\"fusion-toggle-icon-wrapper-sub\"><i class=\"fa-fusion-box active-icon awb-icon-minus\" aria-hidden=\"true\"><\/i><i class=\"fa-fusion-box inactive-icon awb-icon-plus\" aria-hidden=\"true\"><\/i><\/div><\/div><\/div><div class=\"fusion-toggle-heading\">Kann der Verein interessierten Personen die Mitgliedschaft verweigern?<\/div><\/a><\/h4><\/div><div id=\"collapse-1-31454\" aria-labelledby=\"faq_1-31454\" class=\"panel-collapse collapse\"><div class=\"panel-body toggle-content post-content\"><div class=\"fusion-fullwidth fullwidth-box fusion-builder-row-1-5 nonhundred-percent-fullwidth non-hundred-percent-height-scrolling\" style=\"--awb-border-radius-top-left:0px;--awb-border-radius-top-right:0px;--awb-border-radius-bottom-right:0px;--awb-border-radius-bottom-left:0px;--awb-flex-wrap:wrap;\" ><div class=\"fusion-builder-row fusion-row\"><div class=\"fusion-layout-column fusion_builder_column fusion-builder-column-5 fusion_builder_column_1_1 1_1 fusion-one-full fusion-column-first fusion-column-last\" style=\"--awb-bg-size:cover;--awb-margin-bottom:0px;\"><div class=\"fusion-column-wrapper fusion-flex-column-wrapper-legacy\"><div class=\"fusion-text fusion-text-5\"><p>Vor einem Schnuppertraining wird niemandem die Mitgliedschaft untersagt. Sollte die Chemie aber zwischen dem\/der Trainer\/in und dem\/der Schnuppersch\u00fcler\/in nicht stimmen oder der\/die Trainer\/in sehen, dass eine Person das Training st\u00f6rt, kann eine Mitgliedschaft abgelehnt werden.<\/p>\n<\/div><div class=\"fusion-clearfix\"><\/div><\/div><\/div><\/div><\/div>\n<\/div><\/div><\/div><div class=\"fusion-panel panel-default fusion-faq-post fusion-faq-post-31457 \"><span class=\"entry-title rich-snippet-hidden\">Kann ich jederzeit zum Schnuppertraining vorbeikommen?<\/span><span class=\"vcard rich-snippet-hidden\"><span class=\"fn\"><a href=\"https:\/\/www.karatecham.ch\/shotokan_karate_schule_cham_zug\/author\/mjans\/\" title=\"Beitr\u00e4ge von Martin Jans\" rel=\"author\">Martin Jans<\/a><\/span><\/span><span class=\"updated rich-snippet-hidden\">2021-08-02T10:48:40+02:00<\/span><div class=\"panel-heading\"><h4 id=\"faq_1-31457\" class=\"panel-title toggle\"><a data-toggle=\"collapse\" class=\"collapsed\" data-parent=\"#accordian-1\" data-target=\"#collapse-1-31457\" href=\"#collapse-1-31457\" aria-expanded=\"false\"><div class=\"fusion-toggle-icon-wrapper\"><div class=\"fusion-toggle-icon-wrapper-main\"><div class=\"fusion-toggle-icon-wrapper-sub\"><i class=\"fa-fusion-box active-icon awb-icon-minus\" aria-hidden=\"true\"><\/i><i class=\"fa-fusion-box inactive-icon awb-icon-plus\" aria-hidden=\"true\"><\/i><\/div><\/div><\/div><div class=\"fusion-toggle-heading\">Kann ich jederzeit zum Schnuppertraining vorbeikommen?<\/div><\/a><\/h4><\/div><div id=\"collapse-1-31457\" aria-labelledby=\"faq_1-31457\" class=\"panel-collapse collapse\"><div class=\"panel-body toggle-content post-content\"><div class=\"fusion-fullwidth fullwidth-box fusion-builder-row-1-6 nonhundred-percent-fullwidth non-hundred-percent-height-scrolling\" style=\"--awb-border-radius-top-left:0px;--awb-border-radius-top-right:0px;--awb-border-radius-bottom-right:0px;--awb-border-radius-bottom-left:0px;--awb-flex-wrap:wrap;\" ><div class=\"fusion-builder-row fusion-row\"><div class=\"fusion-layout-column fusion_builder_column fusion-builder-column-6 fusion_builder_column_1_1 1_1 fusion-one-full fusion-column-first fusion-column-last\" style=\"--awb-bg-size:cover;--awb-margin-bottom:0px;\"><div class=\"fusion-column-wrapper fusion-flex-column-wrapper-legacy\"><div class=\"fusion-text fusion-text-6\"><p>F\u00fcr Jugendliche ab 16 Jahre und Erwachsene ist dies jederzeit m\u00f6glich. Bei der Chibi- und Kindergruppe gibt es zweimal pro Jahr Schnupperwochen.<\/p>\n<\/div><div class=\"fusion-clearfix\"><\/div><\/div><\/div><\/div><\/div>\n<\/div><\/div><\/div><div class=\"fusion-panel panel-default fusion-faq-post fusion-faq-post-31469 \"><span class=\"entry-title rich-snippet-hidden\">Mein Kind hat nur die M\u00f6glichkeit, an einem Training pro Woche teilzunehmen. Ist dies ein Problem?<\/span><span class=\"vcard rich-snippet-hidden\"><span class=\"fn\"><a href=\"https:\/\/www.karatecham.ch\/shotokan_karate_schule_cham_zug\/author\/mjans\/\" title=\"Beitr\u00e4ge von Martin Jans\" rel=\"author\">Martin Jans<\/a><\/span><\/span><span class=\"updated rich-snippet-hidden\">2021-08-01T21:12:26+02:00<\/span><div class=\"panel-heading\"><h4 id=\"faq_1-31469\" class=\"panel-title toggle\"><a data-toggle=\"collapse\" class=\"collapsed\" data-parent=\"#accordian-1\" data-target=\"#collapse-1-31469\" href=\"#collapse-1-31469\" aria-expanded=\"false\"><div class=\"fusion-toggle-icon-wrapper\"><div class=\"fusion-toggle-icon-wrapper-main\"><div class=\"fusion-toggle-icon-wrapper-sub\"><i class=\"fa-fusion-box active-icon awb-icon-minus\" aria-hidden=\"true\"><\/i><i class=\"fa-fusion-box inactive-icon awb-icon-plus\" aria-hidden=\"true\"><\/i><\/div><\/div><\/div><div class=\"fusion-toggle-heading\">Mein Kind hat nur die M\u00f6glichkeit, an einem Training pro Woche teilzunehmen. Ist dies ein Problem?<\/div><\/a><\/h4><\/div><div id=\"collapse-1-31469\" aria-labelledby=\"faq_1-31469\" class=\"panel-collapse collapse\"><div class=\"panel-body toggle-content post-content\"><div class=\"fusion-fullwidth fullwidth-box fusion-builder-row-1-7 nonhundred-percent-fullwidth non-hundred-percent-height-scrolling\" style=\"--awb-border-radius-top-left:0px;--awb-border-radius-top-right:0px;--awb-border-radius-bottom-right:0px;--awb-border-radius-bottom-left:0px;--awb-flex-wrap:wrap;\" ><div class=\"fusion-builder-row fusion-row\"><div class=\"fusion-layout-column fusion_builder_column fusion-builder-column-7 fusion_builder_column_1_1 1_1 fusion-one-full fusion-column-first fusion-column-last\" style=\"--awb-bg-size:cover;--awb-margin-bottom:0px;\"><div class=\"fusion-column-wrapper fusion-flex-column-wrapper-legacy\"><div class=\"fusion-text fusion-text-7\"><p>Nein, dies ist absolut kein Problem. Wann und wie oft die Kinder die w\u00f6chentlich gegeben Trainingsm\u00f6glichkeiten nutzen, ist den Eltern \u00fcberlassen. Selbstverst\u00e4ndlich sind die pers\u00f6nlichen Fortschritte bei einem regelm\u00e4ssigen Training gr\u00f6sser.<\/p>\n<\/div><div class=\"fusion-clearfix\"><\/div><\/div><\/div><\/div><\/div>\n<\/div><\/div><\/div><div class=\"fusion-panel panel-default fusion-faq-post fusion-faq-post-31505 \"><span class=\"entry-title rich-snippet-hidden\">Mein Kind ist 6 Jahre, aber darf laut Trainer\/in bereits bei den gr\u00f6sseren Kindern mitmachen. Erhalte ich jetzt eine neue Rechnung?<\/span><span class=\"vcard rich-snippet-hidden\"><span class=\"fn\"><a href=\"https:\/\/www.karatecham.ch\/shotokan_karate_schule_cham_zug\/author\/mjans\/\" title=\"Beitr\u00e4ge von Martin Jans\" rel=\"author\">Martin Jans<\/a><\/span><\/span><span class=\"updated rich-snippet-hidden\">2021-08-01T21:26:54+02:00<\/span><div class=\"panel-heading\"><h4 id=\"faq_1-31505\" class=\"panel-title toggle\"><a data-toggle=\"collapse\" class=\"collapsed\" data-parent=\"#accordian-1\" data-target=\"#collapse-1-31505\" href=\"#collapse-1-31505\" aria-expanded=\"false\"><div class=\"fusion-toggle-icon-wrapper\"><div class=\"fusion-toggle-icon-wrapper-main\"><div class=\"fusion-toggle-icon-wrapper-sub\"><i class=\"fa-fusion-box active-icon awb-icon-minus\" aria-hidden=\"true\"><\/i><i class=\"fa-fusion-box inactive-icon awb-icon-plus\" aria-hidden=\"true\"><\/i><\/div><\/div><\/div><div class=\"fusion-toggle-heading\">Mein Kind ist 6 Jahre, aber darf laut Trainer\/in bereits bei den gr\u00f6sseren Kindern mitmachen. Erhalte ich jetzt eine neue Rechnung?<\/div><\/a><\/h4><\/div><div id=\"collapse-1-31505\" aria-labelledby=\"faq_1-31505\" class=\"panel-collapse collapse\"><div class=\"panel-body toggle-content post-content\"><div class=\"fusion-fullwidth fullwidth-box fusion-builder-row-1-8 nonhundred-percent-fullwidth non-hundred-percent-height-scrolling\" style=\"--awb-border-radius-top-left:0px;--awb-border-radius-top-right:0px;--awb-border-radius-bottom-right:0px;--awb-border-radius-bottom-left:0px;--awb-flex-wrap:wrap;\" ><div class=\"fusion-builder-row fusion-row\"><div class=\"fusion-layout-column fusion_builder_column fusion-builder-column-8 fusion_builder_column_1_1 1_1 fusion-one-full fusion-column-first fusion-column-last\" style=\"--awb-bg-size:cover;--awb-margin-bottom:0px;\"><div class=\"fusion-column-wrapper fusion-flex-column-wrapper-legacy\"><div class=\"fusion-text fusion-text-8\"><p>Nein, unsere Mitgliederpreise sind komplett unabh\u00e4ngig von der Trainingsgruppe oder der Nutzung der w\u00f6chentlich gegebenen Trainingsm\u00f6glichkeiten und orientieren sich lediglich am Alter der Mitglieder.<\/p>\n<\/div><div class=\"fusion-clearfix\"><\/div><\/div><\/div><\/div><\/div>\n<\/div><\/div><\/div><div class=\"fusion-panel panel-default fusion-faq-post fusion-faq-post-31451 \"><span class=\"entry-title rich-snippet-hidden\">Mein Kind ist vier Jahre alt, darf es schon mitmachen?<\/span><span class=\"vcard rich-snippet-hidden\"><span class=\"fn\"><a href=\"https:\/\/www.karatecham.ch\/shotokan_karate_schule_cham_zug\/author\/mjans\/\" title=\"Beitr\u00e4ge von Martin Jans\" rel=\"author\">Martin Jans<\/a><\/span><\/span><span class=\"updated rich-snippet-hidden\">2025-01-05T17:15:59+01:00<\/span><div class=\"panel-heading\"><h4 id=\"faq_1-31451\" class=\"panel-title toggle\"><a data-toggle=\"collapse\" class=\"collapsed\" data-parent=\"#accordian-1\" data-target=\"#collapse-1-31451\" href=\"#collapse-1-31451\" aria-expanded=\"false\"><div class=\"fusion-toggle-icon-wrapper\"><div class=\"fusion-toggle-icon-wrapper-main\"><div class=\"fusion-toggle-icon-wrapper-sub\"><i class=\"fa-fusion-box active-icon awb-icon-minus\" aria-hidden=\"true\"><\/i><i class=\"fa-fusion-box inactive-icon awb-icon-plus\" aria-hidden=\"true\"><\/i><\/div><\/div><\/div><div class=\"fusion-toggle-heading\">Mein Kind ist vier Jahre alt, darf es schon mitmachen?<\/div><\/a><\/h4><\/div><div id=\"collapse-1-31451\" aria-labelledby=\"faq_1-31451\" class=\"panel-collapse collapse\"><div class=\"panel-body toggle-content post-content\"><div class=\"fusion-fullwidth fullwidth-box fusion-builder-row-1-9 nonhundred-percent-fullwidth non-hundred-percent-height-scrolling\" style=\"--awb-border-radius-top-left:0px;--awb-border-radius-top-right:0px;--awb-border-radius-bottom-right:0px;--awb-border-radius-bottom-left:0px;--awb-flex-wrap:wrap;\" ><div class=\"fusion-builder-row fusion-row\"><div class=\"fusion-layout-column fusion_builder_column fusion-builder-column-9 fusion_builder_column_1_1 1_1 fusion-one-full fusion-column-first fusion-column-last\" style=\"--awb-bg-size:cover;--awb-margin-bottom:0px;\"><div class=\"fusion-column-wrapper fusion-flex-column-wrapper-legacy\"><div class=\"fusion-text fusion-text-9\"><p>Sobald Ihr Kind den ersten Kindergarten besucht, kann es bei uns mitmachen. In der Regel ist dies ab einem Alter von etwa 4,5 Jahren m\u00f6glich.<\/p>\n<\/div><div class=\"fusion-clearfix\"><\/div><\/div><\/div><\/div><\/div>\n<\/div><\/div><\/div><div class=\"fusion-panel panel-default fusion-faq-post fusion-faq-post-31487 \"><span class=\"entry-title rich-snippet-hidden\">Muss ich an Turnieren teilnehmen?<\/span><span class=\"vcard rich-snippet-hidden\"><span class=\"fn\"><a href=\"https:\/\/www.karatecham.ch\/shotokan_karate_schule_cham_zug\/author\/mjans\/\" title=\"Beitr\u00e4ge von Martin Jans\" rel=\"author\">Martin Jans<\/a><\/span><\/span><span class=\"updated rich-snippet-hidden\">2021-08-01T21:20:35+02:00<\/span><div class=\"panel-heading\"><h4 id=\"faq_1-31487\" class=\"panel-title toggle\"><a data-toggle=\"collapse\" class=\"collapsed\" data-parent=\"#accordian-1\" data-target=\"#collapse-1-31487\" href=\"#collapse-1-31487\" aria-expanded=\"false\"><div class=\"fusion-toggle-icon-wrapper\"><div class=\"fusion-toggle-icon-wrapper-main\"><div class=\"fusion-toggle-icon-wrapper-sub\"><i class=\"fa-fusion-box active-icon awb-icon-minus\" aria-hidden=\"true\"><\/i><i class=\"fa-fusion-box inactive-icon awb-icon-plus\" aria-hidden=\"true\"><\/i><\/div><\/div><\/div><div class=\"fusion-toggle-heading\">Muss ich an Turnieren teilnehmen?<\/div><\/a><\/h4><\/div><div id=\"collapse-1-31487\" aria-labelledby=\"faq_1-31487\" class=\"panel-collapse collapse\"><div class=\"panel-body toggle-content post-content\"><div class=\"fusion-fullwidth fullwidth-box fusion-builder-row-1-10 nonhundred-percent-fullwidth non-hundred-percent-height-scrolling\" style=\"--awb-border-radius-top-left:0px;--awb-border-radius-top-right:0px;--awb-border-radius-bottom-right:0px;--awb-border-radius-bottom-left:0px;--awb-flex-wrap:wrap;\" ><div class=\"fusion-builder-row fusion-row\"><div class=\"fusion-layout-column fusion_builder_column fusion-builder-column-10 fusion_builder_column_1_1 1_1 fusion-one-full fusion-column-first fusion-column-last\" style=\"--awb-bg-size:cover;--awb-margin-bottom:0px;\"><div class=\"fusion-column-wrapper fusion-flex-column-wrapper-legacy\"><div class=\"fusion-text fusion-text-10\"><p>Nein, es wird niemand zu Turnierteilnahmen gezwungen. Turnierteilnahmen sind aber eine gute Weiterbildung f\u00fcr dein Karate.<\/p>\n<\/div><div class=\"fusion-clearfix\"><\/div><\/div><\/div><\/div><\/div>\n<\/div><\/div><\/div><div class=\"fusion-panel panel-default fusion-faq-post fusion-faq-post-31490 \"><span class=\"entry-title rich-snippet-hidden\">Muss ich eine Gurtpr\u00fcfung machen?<\/span><span class=\"vcard rich-snippet-hidden\"><span class=\"fn\"><a href=\"https:\/\/www.karatecham.ch\/shotokan_karate_schule_cham_zug\/author\/mjans\/\" title=\"Beitr\u00e4ge von Martin Jans\" rel=\"author\">Martin Jans<\/a><\/span><\/span><span class=\"updated rich-snippet-hidden\">2021-08-01T21:21:10+02:00<\/span><div class=\"panel-heading\"><h4 id=\"faq_1-31490\" class=\"panel-title toggle\"><a data-toggle=\"collapse\" class=\"collapsed\" data-parent=\"#accordian-1\" data-target=\"#collapse-1-31490\" href=\"#collapse-1-31490\" aria-expanded=\"false\"><div class=\"fusion-toggle-icon-wrapper\"><div class=\"fusion-toggle-icon-wrapper-main\"><div class=\"fusion-toggle-icon-wrapper-sub\"><i class=\"fa-fusion-box active-icon awb-icon-minus\" aria-hidden=\"true\"><\/i><i class=\"fa-fusion-box inactive-icon awb-icon-plus\" aria-hidden=\"true\"><\/i><\/div><\/div><\/div><div class=\"fusion-toggle-heading\">Muss ich eine Gurtpr\u00fcfung machen?<\/div><\/a><\/h4><\/div><div id=\"collapse-1-31490\" aria-labelledby=\"faq_1-31490\" class=\"panel-collapse collapse\"><div class=\"panel-body toggle-content post-content\"><div class=\"fusion-fullwidth fullwidth-box fusion-builder-row-1-11 nonhundred-percent-fullwidth non-hundred-percent-height-scrolling\" style=\"--awb-border-radius-top-left:0px;--awb-border-radius-top-right:0px;--awb-border-radius-bottom-right:0px;--awb-border-radius-bottom-left:0px;--awb-flex-wrap:wrap;\" ><div class=\"fusion-builder-row fusion-row\"><div class=\"fusion-layout-column fusion_builder_column fusion-builder-column-11 fusion_builder_column_1_1 1_1 fusion-one-full fusion-column-first fusion-column-last\" style=\"--awb-bg-size:cover;--awb-margin-bottom:0px;\"><div class=\"fusion-column-wrapper fusion-flex-column-wrapper-legacy\"><div class=\"fusion-text fusion-text-11\"><p>Ja, Gurtpr\u00fcfungen geh\u00f6ren zum Karate und zeigen deinen Fortschritt. Unsere Pr\u00fcfungen sind immer auf das jeweilige Alter und Level der einzelnen Mitglieder angepasst.<\/p>\n<\/div><div class=\"fusion-clearfix\"><\/div><\/div><\/div><\/div><\/div>\n<\/div><\/div><\/div><div class=\"fusion-panel panel-default fusion-faq-post fusion-faq-post-31493 \"><span class=\"entry-title rich-snippet-hidden\">Muss ich Zuhause \u00fcben?<\/span><span class=\"vcard rich-snippet-hidden\"><span class=\"fn\"><a href=\"https:\/\/www.karatecham.ch\/shotokan_karate_schule_cham_zug\/author\/mjans\/\" title=\"Beitr\u00e4ge von Martin Jans\" rel=\"author\">Martin Jans<\/a><\/span><\/span><span class=\"updated rich-snippet-hidden\">2021-08-01T21:21:43+02:00<\/span><div class=\"panel-heading\"><h4 id=\"faq_1-31493\" class=\"panel-title toggle\"><a data-toggle=\"collapse\" class=\"collapsed\" data-parent=\"#accordian-1\" data-target=\"#collapse-1-31493\" href=\"#collapse-1-31493\" aria-expanded=\"false\"><div class=\"fusion-toggle-icon-wrapper\"><div class=\"fusion-toggle-icon-wrapper-main\"><div class=\"fusion-toggle-icon-wrapper-sub\"><i class=\"fa-fusion-box active-icon awb-icon-minus\" aria-hidden=\"true\"><\/i><i class=\"fa-fusion-box inactive-icon awb-icon-plus\" aria-hidden=\"true\"><\/i><\/div><\/div><\/div><div class=\"fusion-toggle-heading\">Muss ich Zuhause \u00fcben?<\/div><\/a><\/h4><\/div><div id=\"collapse-1-31493\" aria-labelledby=\"faq_1-31493\" class=\"panel-collapse collapse\"><div class=\"panel-body toggle-content post-content\"><div class=\"fusion-fullwidth fullwidth-box fusion-builder-row-1-12 nonhundred-percent-fullwidth non-hundred-percent-height-scrolling\" style=\"--awb-border-radius-top-left:0px;--awb-border-radius-top-right:0px;--awb-border-radius-bottom-right:0px;--awb-border-radius-bottom-left:0px;--awb-flex-wrap:wrap;\" ><div class=\"fusion-builder-row fusion-row\"><div class=\"fusion-layout-column fusion_builder_column fusion-builder-column-12 fusion_builder_column_1_1 1_1 fusion-one-full fusion-column-first fusion-column-last\" style=\"--awb-bg-size:cover;--awb-margin-bottom:0px;\"><div class=\"fusion-column-wrapper fusion-flex-column-wrapper-legacy\"><div class=\"fusion-text fusion-text-12\"><p>Der Karatesport ist freiwillig. Wir zwingen niemanden, Zuhause zu \u00fcben. Vor den Gurtpr\u00fcfung ist jedoch bei den meisten Mitglieder ein zus\u00e4tzlich privater Effort n\u00f6tig, welcher ein Training Zuhause nicht ausschliesst.<\/p>\n<\/div><div class=\"fusion-clearfix\"><\/div><\/div><\/div><\/div><\/div>\n<\/div><\/div><\/div><div class=\"fusion-panel panel-default fusion-faq-post fusion-faq-post-31434 \"><span class=\"entry-title rich-snippet-hidden\">Wann sind die Trainingszeiten?<\/span><span class=\"vcard rich-snippet-hidden\"><span class=\"fn\"><a href=\"https:\/\/www.karatecham.ch\/shotokan_karate_schule_cham_zug\/author\/mjans\/\" title=\"Beitr\u00e4ge von Martin Jans\" rel=\"author\">Martin Jans<\/a><\/span><\/span><span class=\"updated rich-snippet-hidden\">2021-08-01T20:55:11+02:00<\/span><div class=\"panel-heading\"><h4 id=\"faq_1-31434\" class=\"panel-title toggle\"><a data-toggle=\"collapse\" class=\"collapsed\" data-parent=\"#accordian-1\" data-target=\"#collapse-1-31434\" href=\"#collapse-1-31434\" aria-expanded=\"false\"><div class=\"fusion-toggle-icon-wrapper\"><div class=\"fusion-toggle-icon-wrapper-main\"><div class=\"fusion-toggle-icon-wrapper-sub\"><i class=\"fa-fusion-box active-icon awb-icon-minus\" aria-hidden=\"true\"><\/i><i class=\"fa-fusion-box inactive-icon awb-icon-plus\" aria-hidden=\"true\"><\/i><\/div><\/div><\/div><div class=\"fusion-toggle-heading\">Wann sind die Trainingszeiten?<\/div><\/a><\/h4><\/div><div id=\"collapse-1-31434\" aria-labelledby=\"faq_1-31434\" class=\"panel-collapse collapse\"><div class=\"panel-body toggle-content post-content\"><div class=\"fusion-fullwidth fullwidth-box fusion-builder-row-1-13 nonhundred-percent-fullwidth non-hundred-percent-height-scrolling\" style=\"--awb-border-radius-top-left:0px;--awb-border-radius-top-right:0px;--awb-border-radius-bottom-right:0px;--awb-border-radius-bottom-left:0px;--awb-flex-wrap:wrap;\" ><div class=\"fusion-builder-row fusion-row\"><div class=\"fusion-layout-column fusion_builder_column fusion-builder-column-13 fusion_builder_column_1_1 1_1 fusion-one-full fusion-column-first fusion-column-last\" style=\"--awb-bg-size:cover;--awb-margin-bottom:0px;\"><div class=\"fusion-column-wrapper fusion-flex-column-wrapper-legacy\"><div class=\"fusion-text fusion-text-13\"><p>Unsere Trainingszeiten sind auf unserer <a href=\"https:\/\/www.karatecham.ch\/shotokan_karate_schule_cham_zug\/trainingszeiten-preise\/\">Trainingszeiten- und Preise<\/a> Seite ersichtlich.<\/p>\n<\/div><div class=\"fusion-clearfix\"><\/div><\/div><\/div><\/div><\/div>\n<\/div><\/div><\/div><div class=\"fusion-panel panel-default fusion-faq-post fusion-faq-post-31448 \"><span class=\"entry-title rich-snippet-hidden\">Wie lange und von wann bis wann dauert ein Semester?<\/span><span class=\"vcard rich-snippet-hidden\"><span class=\"fn\"><a href=\"https:\/\/www.karatecham.ch\/shotokan_karate_schule_cham_zug\/author\/mjans\/\" title=\"Beitr\u00e4ge von Martin Jans\" rel=\"author\">Martin Jans<\/a><\/span><\/span><span class=\"updated rich-snippet-hidden\">2021-08-01T21:02:10+02:00<\/span><div class=\"panel-heading\"><h4 id=\"faq_1-31448\" class=\"panel-title toggle\"><a data-toggle=\"collapse\" class=\"collapsed\" data-parent=\"#accordian-1\" data-target=\"#collapse-1-31448\" href=\"#collapse-1-31448\" aria-expanded=\"false\"><div class=\"fusion-toggle-icon-wrapper\"><div class=\"fusion-toggle-icon-wrapper-main\"><div class=\"fusion-toggle-icon-wrapper-sub\"><i class=\"fa-fusion-box active-icon awb-icon-minus\" aria-hidden=\"true\"><\/i><i class=\"fa-fusion-box inactive-icon awb-icon-plus\" aria-hidden=\"true\"><\/i><\/div><\/div><\/div><div class=\"fusion-toggle-heading\">Wie lange und von wann bis wann dauert ein Semester?<\/div><\/a><\/h4><\/div><div id=\"collapse-1-31448\" aria-labelledby=\"faq_1-31448\" class=\"panel-collapse collapse\"><div class=\"panel-body toggle-content post-content\"><div class=\"fusion-fullwidth fullwidth-box fusion-builder-row-1-14 nonhundred-percent-fullwidth non-hundred-percent-height-scrolling\" style=\"--awb-border-radius-top-left:0px;--awb-border-radius-top-right:0px;--awb-border-radius-bottom-right:0px;--awb-border-radius-bottom-left:0px;--awb-flex-wrap:wrap;\" ><div class=\"fusion-builder-row fusion-row\"><div class=\"fusion-layout-column fusion_builder_column fusion-builder-column-14 fusion_builder_column_1_1 1_1 fusion-one-full fusion-column-first fusion-column-last\" style=\"--awb-bg-size:cover;--awb-margin-bottom:0px;\"><div class=\"fusion-column-wrapper fusion-flex-column-wrapper-legacy\"><div class=\"fusion-text fusion-text-14\"><p>Ein Semester dauert 6 Monate. Das erste Semester beginnt am 1.1. und geht bis zum 30.6. Das zweite Semester beginnt am 1.7. und geht bis zum 31.12.<\/p>\n<\/div><div class=\"fusion-clearfix\"><\/div><\/div><\/div><\/div><\/div>\n<\/div><\/div><\/div><div class=\"fusion-panel panel-default fusion-faq-post fusion-faq-post-31463 \"><span class=\"entry-title rich-snippet-hidden\">Wie oft darf ich pro Woche ins Training?<\/span><span class=\"vcard rich-snippet-hidden\"><span class=\"fn\"><a href=\"https:\/\/www.karatecham.ch\/shotokan_karate_schule_cham_zug\/author\/mjans\/\" title=\"Beitr\u00e4ge von Martin Jans\" rel=\"author\">Martin Jans<\/a><\/span><\/span><span class=\"updated rich-snippet-hidden\">2021-08-01T21:10:45+02:00<\/span><div class=\"panel-heading\"><h4 id=\"faq_1-31463\" class=\"panel-title toggle\"><a data-toggle=\"collapse\" class=\"collapsed\" data-parent=\"#accordian-1\" data-target=\"#collapse-1-31463\" href=\"#collapse-1-31463\" aria-expanded=\"false\"><div class=\"fusion-toggle-icon-wrapper\"><div class=\"fusion-toggle-icon-wrapper-main\"><div class=\"fusion-toggle-icon-wrapper-sub\"><i class=\"fa-fusion-box active-icon awb-icon-minus\" aria-hidden=\"true\"><\/i><i class=\"fa-fusion-box inactive-icon awb-icon-plus\" aria-hidden=\"true\"><\/i><\/div><\/div><\/div><div class=\"fusion-toggle-heading\">Wie oft darf ich pro Woche ins Training?<\/div><\/a><\/h4><\/div><div id=\"collapse-1-31463\" aria-labelledby=\"faq_1-31463\" class=\"panel-collapse collapse\"><div class=\"panel-body toggle-content post-content\"><div class=\"fusion-fullwidth fullwidth-box fusion-builder-row-1-15 nonhundred-percent-fullwidth non-hundred-percent-height-scrolling\" style=\"--awb-border-radius-top-left:0px;--awb-border-radius-top-right:0px;--awb-border-radius-bottom-right:0px;--awb-border-radius-bottom-left:0px;--awb-flex-wrap:wrap;\" ><div class=\"fusion-builder-row fusion-row\"><div class=\"fusion-layout-column fusion_builder_column fusion-builder-column-15 fusion_builder_column_1_1 1_1 fusion-one-full fusion-column-first fusion-column-last\" style=\"--awb-bg-size:cover;--awb-margin-bottom:0px;\"><div class=\"fusion-column-wrapper fusion-flex-column-wrapper-legacy\"><div class=\"fusion-text fusion-text-15\"><p>Es d\u00fcrfen alle in der Woche angebotenen Trainings besucht werden, in denen die Anforderungen des Alters und\/oder der Gurtfarbe erf\u00fcllt werden. Die Anforderungen sind auf unserer <a href=\"https:\/\/www.karatecham.ch\/shotokan_karate_schule_cham_zug\/trainingszeiten-preise\/\">Trainingszeiten- und Preisseite<\/a> ersichtlich.<\/p>\n<\/div><div class=\"fusion-clearfix\"><\/div><\/div><\/div><\/div><\/div>\n<\/div><\/div><\/div><div class=\"fusion-panel panel-default fusion-faq-post fusion-faq-post-31466 \"><span class=\"entry-title rich-snippet-hidden\">Wie viel bezahle ich, wenn ich nur einmal die Woche ins Training kommen kann?<\/span><span class=\"vcard rich-snippet-hidden\"><span class=\"fn\"><a href=\"https:\/\/www.karatecham.ch\/shotokan_karate_schule_cham_zug\/author\/mjans\/\" title=\"Beitr\u00e4ge von Martin Jans\" rel=\"author\">Martin Jans<\/a><\/span><\/span><span class=\"updated rich-snippet-hidden\">2021-08-01T21:11:46+02:00<\/span><div class=\"panel-heading\"><h4 id=\"faq_1-31466\" class=\"panel-title toggle\"><a data-toggle=\"collapse\" class=\"collapsed\" data-parent=\"#accordian-1\" data-target=\"#collapse-1-31466\" href=\"#collapse-1-31466\" aria-expanded=\"false\"><div class=\"fusion-toggle-icon-wrapper\"><div class=\"fusion-toggle-icon-wrapper-main\"><div class=\"fusion-toggle-icon-wrapper-sub\"><i class=\"fa-fusion-box active-icon awb-icon-minus\" aria-hidden=\"true\"><\/i><i class=\"fa-fusion-box inactive-icon awb-icon-plus\" aria-hidden=\"true\"><\/i><\/div><\/div><\/div><div class=\"fusion-toggle-heading\">Wie viel bezahle ich, wenn ich nur einmal die Woche ins Training kommen kann?<\/div><\/a><\/h4><\/div><div id=\"collapse-1-31466\" aria-labelledby=\"faq_1-31466\" class=\"panel-collapse collapse\"><div class=\"panel-body toggle-content post-content\"><div class=\"fusion-fullwidth fullwidth-box fusion-builder-row-1-16 nonhundred-percent-fullwidth non-hundred-percent-height-scrolling\" style=\"--awb-border-radius-top-left:0px;--awb-border-radius-top-right:0px;--awb-border-radius-bottom-right:0px;--awb-border-radius-bottom-left:0px;--awb-flex-wrap:wrap;\" ><div class=\"fusion-builder-row fusion-row\"><div class=\"fusion-layout-column fusion_builder_column fusion-builder-column-16 fusion_builder_column_1_1 1_1 fusion-one-full fusion-column-first fusion-column-last\" style=\"--awb-bg-size:cover;--awb-margin-bottom:0px;\"><div class=\"fusion-column-wrapper fusion-flex-column-wrapper-legacy\"><div class=\"fusion-text fusion-text-16\"><p>Unsere Trainingspreise bleiben gleich, unabh\u00e4ngig wie oft jemand die gegeben Trainingsm\u00f6glichkeiten nutzt.<\/p>\n<\/div><div class=\"fusion-clearfix\"><\/div><\/div><\/div><\/div><\/div>\n<\/div><\/div><\/div><div class=\"fusion-panel panel-default fusion-faq-post fusion-faq-post-31423 \"><span class=\"entry-title rich-snippet-hidden\">Wie viel kostet eine Mitgliedschaft?<\/span><span class=\"vcard rich-snippet-hidden\"><span class=\"fn\"><a href=\"https:\/\/www.karatecham.ch\/shotokan_karate_schule_cham_zug\/author\/mjans\/\" title=\"Beitr\u00e4ge von Martin Jans\" rel=\"author\">Martin Jans<\/a><\/span><\/span><span class=\"updated rich-snippet-hidden\">2021-08-01T20:51:59+02:00<\/span><div class=\"panel-heading\"><h4 id=\"faq_1-31423\" class=\"panel-title toggle\"><a data-toggle=\"collapse\" class=\"collapsed\" data-parent=\"#accordian-1\" data-target=\"#collapse-1-31423\" href=\"#collapse-1-31423\" aria-expanded=\"false\"><div class=\"fusion-toggle-icon-wrapper\"><div class=\"fusion-toggle-icon-wrapper-main\"><div class=\"fusion-toggle-icon-wrapper-sub\"><i class=\"fa-fusion-box active-icon awb-icon-minus\" aria-hidden=\"true\"><\/i><i class=\"fa-fusion-box inactive-icon awb-icon-plus\" aria-hidden=\"true\"><\/i><\/div><\/div><\/div><div class=\"fusion-toggle-heading\">Wie viel kostet eine Mitgliedschaft?<\/div><\/a><\/h4><\/div><div id=\"collapse-1-31423\" aria-labelledby=\"faq_1-31423\" class=\"panel-collapse collapse\"><div class=\"panel-body toggle-content post-content\"><div class=\"fusion-fullwidth fullwidth-box fusion-builder-row-1-17 nonhundred-percent-fullwidth non-hundred-percent-height-scrolling\" style=\"--awb-border-radius-top-left:0px;--awb-border-radius-top-right:0px;--awb-border-radius-bottom-right:0px;--awb-border-radius-bottom-left:0px;--awb-flex-wrap:wrap;\" ><div class=\"fusion-builder-row fusion-row\"><div class=\"fusion-layout-column fusion_builder_column fusion-builder-column-17 fusion_builder_column_1_1 1_1 fusion-one-full fusion-column-first fusion-column-last\" style=\"--awb-bg-size:cover;--awb-margin-bottom:0px;\"><div class=\"fusion-column-wrapper fusion-flex-column-wrapper-legacy\"><div class=\"fusion-text fusion-text-17\"><p>Alle unsere Mitgliederpreise sind auf unserer <a href=\"https:\/\/www.karatecham.ch\/shotokan_karate_schule_cham_zug\/trainingszeiten-preise\/\">Trainingszeiten- und Preisseite<\/a> ersichtlich.<\/p>\n<\/div><div class=\"fusion-clearfix\"><\/div><\/div><\/div><\/div><\/div>\n<\/div><\/div><\/div><div class=\"fusion-panel panel-default fusion-faq-post fusion-faq-post-31502 \"><span class=\"entry-title rich-snippet-hidden\">Wo kann ich das Karate-Gi (Karate Uniform) kaufen?<\/span><span class=\"vcard rich-snippet-hidden\"><span class=\"fn\"><a href=\"https:\/\/www.karatecham.ch\/shotokan_karate_schule_cham_zug\/author\/mjans\/\" title=\"Beitr\u00e4ge von Martin Jans\" rel=\"author\">Martin Jans<\/a><\/span><\/span><span class=\"updated rich-snippet-hidden\">2021-08-01T21:26:13+02:00<\/span><div class=\"panel-heading\"><h4 id=\"faq_1-31502\" class=\"panel-title toggle\"><a data-toggle=\"collapse\" class=\"collapsed\" data-parent=\"#accordian-1\" data-target=\"#collapse-1-31502\" href=\"#collapse-1-31502\" aria-expanded=\"false\"><div class=\"fusion-toggle-icon-wrapper\"><div class=\"fusion-toggle-icon-wrapper-main\"><div class=\"fusion-toggle-icon-wrapper-sub\"><i class=\"fa-fusion-box active-icon awb-icon-minus\" aria-hidden=\"true\"><\/i><i class=\"fa-fusion-box inactive-icon awb-icon-plus\" aria-hidden=\"true\"><\/i><\/div><\/div><\/div><div class=\"fusion-toggle-heading\">Wo kann ich das Karate-Gi (Karate Uniform) kaufen?<\/div><\/a><\/h4><\/div><div id=\"collapse-1-31502\" aria-labelledby=\"faq_1-31502\" class=\"panel-collapse collapse\"><div class=\"panel-body toggle-content post-content\"><div class=\"fusion-fullwidth fullwidth-box fusion-builder-row-1-18 nonhundred-percent-fullwidth non-hundred-percent-height-scrolling\" style=\"--awb-border-radius-top-left:0px;--awb-border-radius-top-right:0px;--awb-border-radius-bottom-right:0px;--awb-border-radius-bottom-left:0px;--awb-flex-wrap:wrap;\" ><div class=\"fusion-builder-row fusion-row\"><div class=\"fusion-layout-column fusion_builder_column fusion-builder-column-18 fusion_builder_column_1_1 1_1 fusion-one-full fusion-column-first fusion-column-last\" style=\"--awb-bg-size:cover;--awb-margin-bottom:0px;\"><div class=\"fusion-column-wrapper fusion-flex-column-wrapper-legacy\"><div class=\"fusion-text fusion-text-18\"><p>Das Gi kann direkt bei uns im Trainingsraum gekauft werden. Als Verein k\u00f6nnen wir dieses mit einem Rabatt an unsere Mitglieder verkaufen.<\/p>\n<\/div><div class=\"fusion-clearfix\"><\/div><\/div><\/div><\/div><\/div>\n<\/div><\/div><\/div><\/div><\/div><\/div><\/div><\/div><\/div><\/div><\/div>\n","protected":false},"excerpt":{"rendered":"","protected":false},"author":2,"featured_media":0,"parent":0,"menu_order":0,"comment_status":"closed","ping_status":"closed","template":"","meta":{"footnotes":""},"class_list":["post-30770","page","type-page","status-publish","hentry"],"_links":{"self":[{"href":"https:\/\/www.karatecham.ch\/shotokan_karate_schule_cham_zug\/wp-json\/wp\/v2\/pages\/30770","targetHints":{"allow":["GET"]}}],"collection":[{"href":"https:\/\/www.karatecham.ch\/shotokan_karate_schule_cham_zug\/wp-json\/wp\/v2\/pages"}],"about":[{"href":"https:\/\/www.karatecham.ch\/shotokan_karate_schule_cham_zug\/wp-json\/wp\/v2\/types\/page"}],"author":[{"embeddable":true,"href":"https:\/\/www.karatecham.ch\/shotokan_karate_schule_cham_zug\/wp-json\/wp\/v2\/users\/2"}],"replies":[{"embeddable":true,"href":"https:\/\/www.karatecham.ch\/shotokan_karate_schule_cham_zug\/wp-json\/wp\/v2\/comments?post=30770"}],"version-history":[{"count":10,"href":"https:\/\/www.karatecham.ch\/shotokan_karate_schule_cham_zug\/wp-json\/wp\/v2\/pages\/30770\/revisions"}],"predecessor-version":[{"id":31570,"href":"https:\/\/www.karatecham.ch\/shotokan_karate_schule_cham_zug\/wp-json\/wp\/v2\/pages\/30770\/revisions\/31570"}],"wp:attachment":[{"href":"https:\/\/www.karatecham.ch\/shotokan_karate_schule_cham_zug\/wp-json\/wp\/v2\/media?parent=30770"}],"curies":[{"name":"wp","href":"https:\/\/api.w.org\/{rel}","templated":true}]}}